{"version":"1.0","provider_name":"Jean-Claude Golvin","provider_url":"https:\/\/jeanclaudegolvin.com\/de\/","title":"Saint-Emilion, die r\u00f6mische Villa von Palat","type":"rich","width":600,"height":338,"html":"<blockquote class=\"wp-embedded-content\" data-secret=\"WCr7p3TV6M\"><a href=\"https:\/\/jeanclaudegolvin.com\/de\/galerie-de\/saint-emilion-die-roemische-villa-von-palat\/\">Saint-Emilion, die r\u00f6mische Villa von Palat<\/a><\/blockquote><iframe sandbox=\"allow-scripts\" security=\"restricted\" src=\"https:\/\/jeanclaudegolvin.com\/de\/galerie-de\/saint-emilion-die-roemische-villa-von-palat\/embed\/#?secret=WCr7p3TV6M\" width=\"600\" height=\"338\" title=\"&#8222;Saint-Emilion, die r\u00f6mische Villa von Palat&#8220; &#8211; Jean-Claude Golvin\" data-secret=\"WCr7p3TV6M\" frameborder=\"0\" marginwidth=\"0\" marginheight=\"0\" scrolling=\"no\" class=\"wp-embedded-content\"><\/iframe><script type=\"text\/javascript\">\n\/* <![CDATA[ *\/\n\/*! This file is auto-generated *\/\n!function(d,l){\"use strict\";l.querySelector&&d.addEventListener&&\"undefined\"!=typeof URL&&(d.wp=d.wp||{},d.wp.receiveEmbedMessage||(d.wp.receiveEmbedMessage=function(e){var t=e.data;if((t||t.secret||t.message||t.value)&&!\/[^a-zA-Z0-9]\/.test(t.secret)){for(var s,r,n,a=l.querySelectorAll('iframe[data-secret=\"'+t.secret+'\"]'),o=l.querySelectorAll('blockquote[data-secret=\"'+t.secret+'\"]'),c=new RegExp(\"^https?:$\",\"i\"),i=0;i<o.length;i++)o[i].style.display=\"none\";for(i=0;i<a.length;i++)s=a[i],e.source===s.contentWindow&&(s.removeAttribute(\"style\"),\"height\"===t.message?(1e3<(r=parseInt(t.value,10))?r=1e3:~~r<200&&(r=200),s.height=r):\"link\"===t.message&&(r=new URL(s.getAttribute(\"src\")),n=new URL(t.value),c.test(n.protocol))&&n.host===r.host&&l.activeElement===s&&(d.top.location.href=t.value))}},d.addEventListener(\"message\",d.wp.receiveEmbedMessage,!1),l.addEventListener(\"DOMContentLoaded\",function(){for(var e,t,s=l.querySelectorAll(\"iframe.wp-embedded-content\"),r=0;r<s.length;r++)(t=(e=s[r]).getAttribute(\"data-secret\"))||(t=Math.random().toString(36).substring(2,12),e.src+=\"#?secret=\"+t,e.setAttribute(\"data-secret\",t)),e.contentWindow.postMessage({message:\"ready\",secret:t},\"*\")},!1)))}(window,document);\n\/\/# sourceURL=https:\/\/jeanclaudegolvin.com\/wp-includes\/js\/wp-embed.min.js\n\/* ]]> *\/\n<\/script>\n","thumbnail_url":"https:\/\/jeanclaudegolvin.com\/jpg\/0876_2001 [D_ANT_FRA_Saint-\u00c9milion].jpg","thumbnail_width":600,"thumbnail_height":470,"description":"Luftaufnahme der r\u00f6mischen Villa du Palat in Saint-Emilion. Die Zeichnung ist im Querformat und hat keinen Rahmen. Auf der R\u00fcckseite befinden sich Inschriften. Das Geb\u00e4ude nimmt seinen Platz inmitten von Weinfeldern ein. Die Rebst\u00f6cke werden manchmal auf Stelzen kultiviert. Die Villa ist um ein langes rechteckiges Becken herum angeordnet, das von einem geometrischen gr\u00fcnen Garten und einem S\u00e4ulenportikus mit U-f\u00f6rmiger Kolonnade ges\u00e4umt wird."}